{"id":2054,"date":"2024-07-31T12:05:43","date_gmt":"2024-07-31T12:05:43","guid":{"rendered":"https:\/\/proconstruction.es\/?page_id=2054"},"modified":"2024-09-17T08:29:01","modified_gmt":"2024-09-17T08:29:01","slug":"instalacion-de-cubiertas","status":"publish","type":"page","link":"https:\/\/proconstruction.es\/es\/instalacion-de-cubiertas\/","title":{"rendered":"INSTALACI\u00d3N DE CUBIERTAS"},"content":{"rendered":"\t\t<div data-elementor-type=\"wp-page\" data-elementor-id=\"2054\" class=\"elementor elementor-2054 elementor-1580\">\n\t\t\t\t<div class=\"elementor-element elementor-element-3aa2976a e-flex e-con-boxed e-con e-parent\" data-id=\"3aa2976a\" data-element_type=\"container\" data-settings=\"{&quot;background_background&quot;:&quot;classic&quot;}\" data-core-v316-plus=\"true\">\n\t\t\t\t\t<div class=\"e-con-inner\">\n\t\t<div class=\"elementor-element elementor-element-3663a2d6 e-con-full e-flex e-con e-child\" data-id=\"3663a2d6\" data-element_type=\"container\">\n\t\t\t\t<div class=\"elementor-element elementor-element-7b4b2cba elementor-widget elementor-widget-heading\" data-id=\"7b4b2cba\" data-element_type=\"widget\" data-widget_type=\"heading.default\">\n\t\t\t\t<div class=\"elementor-widget-container\">\n\t\t\t<style>\/*! elementor - v3.20.0 - 13-03-2024 *\/\n.elementor-heading-title{padding:0;margin:0;line-height:1}.elementor-widget-heading .elementor-heading-title[class*=elementor-size-]>a{color:inherit;font-size:inherit;line-height:inherit}.elementor-widget-heading .elementor-heading-title.elementor-size-small{font-size:15px}.elementor-widget-heading .elementor-heading-title.elementor-size-medium{font-size:19px}.elementor-widget-heading .elementor-heading-title.elementor-size-large{font-size:29px}.elementor-widget-heading .elementor-heading-title.elementor-size-xl{font-size:39px}.elementor-widget-heading .elementor-heading-title.elementor-size-xxl{font-size:59px}<\/style><h1 class=\"elementor-heading-title elementor-size-default\">INSTALACI\u00d3N DE CUBIERTAS Y TEJADOS PARA CLIMAS DIVERSOS EN COSTA DEL SOL, ESPA\u00d1A<\/h1>\t\t<\/div>\n\t\t\t\t<\/div>\n\t\t\t\t<\/div>\n\t\t\t\t\t<\/div>\n\t\t\t\t<\/div>\n\t\t<div class=\"elementor-element elementor-element-60b6dee1 e-flex e-con-boxed e-con e-parent\" data-id=\"60b6dee1\" data-element_type=\"container\" data-core-v316-plus=\"true\">\n\t\t\t\t\t<div class=\"e-con-inner\">\n\t\t<div class=\"elementor-element elementor-element-74288e4b e-flex e-con-boxed e-con e-child\" data-id=\"74288e4b\" data-element_type=\"container\">\n\t\t\t\t\t<div class=\"e-con-inner\">\n\t\t\t\t<div class=\"elementor-element elementor-element-1dad369a elementor-widget elementor-widget-text-editor\" data-id=\"1dad369a\" data-element_type=\"widget\" data-widget_type=\"text-editor.default\">\n\t\t\t\t<div class=\"elementor-widget-container\">\n\t\t\t<style>\/*! elementor - v3.20.0 - 13-03-2024 *\/\n.elementor-widget-text-editor.elementor-drop-cap-view-stacked .elementor-drop-cap{background-color:#69727d;color:#fff}.elementor-widget-text-editor.elementor-drop-cap-view-framed .elementor-drop-cap{color:#69727d;border:3px solid;background-color:transparent}.elementor-widget-text-editor:not(.elementor-drop-cap-view-default) .elementor-drop-cap{margin-top:8px}.elementor-widget-text-editor:not(.elementor-drop-cap-view-default) .elementor-drop-cap-letter{width:1em;height:1em}.elementor-widget-text-editor .elementor-drop-cap{float:left;text-align:center;line-height:1;font-size:50px}.elementor-widget-text-editor .elementor-drop-cap-letter{display:inline-block}<\/style>\t\t\t\t<p>Instalar tejados en la Costa del Sol tiene su truco, y siempre hay que tener en cuenta dos principales factores: las variadas tendencias arquitect\u00f3nicas y las consideraciones ambientales. Invertir en una cubierta de alta calidad no solo se trata de proteger la propiedad de la lluvia; sino tambi\u00e9n de aumentar el valor de tu propiedad, mejorar la eficiencia energ\u00e9tica y contribuir a la sostenibilidad ambiental.<\/p><p>Exploremos por qu\u00e9 una cubierta de alta calidad es tan beneficioso, enfoc\u00e1ndonos en c\u00f3mo impacta a los propietarios y a la comunidad en general: En primer lugar, la Costa del Sol es conocida por su clima soleado y c\u00e1lido, pero tambi\u00e9n es susceptible a lluvias estacionales, y ocasionales olas de calor. Este clima diverso significa que los techos deben ser robustos y adaptables.<\/p><p>Como una de las principales empresas de cubiertas y tejados en la Costa del Sol, estamos listos para servirte.<\/p>\t\t\t\t\t\t<\/div>\n\t\t\t\t<\/div>\n\t\t\t\t\t<\/div>\n\t\t\t\t<\/div>\n\t\t\t\t\t<\/div>\n\t\t\t\t<\/div>\n\t\t<div class=\"elementor-element elementor-element-79a6a398 e-flex e-con-boxed e-con e-parent\" data-id=\"79a6a398\" data-element_type=\"container\" data-settings=\"{&quot;background_background&quot;:&quot;classic&quot;}\" data-core-v316-plus=\"true\">\n\t\t\t\t\t<div class=\"e-con-inner\">\n\t\t\t\t<div class=\"elementor-element elementor-element-4cdc792d elementor-widget elementor-widget-heading\" data-id=\"4cdc792d\" data-element_type=\"widget\" data-widget_type=\"heading.default\">\n\t\t\t\t<div class=\"elementor-widget-container\">\n\t\t\t<h3 class=\"elementor-heading-title elementor-size-default\">Servicios Especializados<\/h3>\t\t<\/div>\n\t\t\t\t<\/div>\n\t\t\t\t\t<\/div>\n\t\t\t\t<\/div>\n\t\t<div class=\"elementor-element elementor-element-52899e2b e-flex e-con-boxed e-con e-parent\" data-id=\"52899e2b\" data-element_type=\"container\" data-settings=\"{&quot;background_background&quot;:&quot;classic&quot;}\" data-core-v316-plus=\"true\">\n\t\t\t\t\t<div class=\"e-con-inner\">\n\t\t<div class=\"elementor-element elementor-element-65048734 e-con-full e-flex e-con e-child\" data-id=\"65048734\" data-element_type=\"container\">\n\t\t\t\t<div class=\"elementor-element elementor-element-79113b97 elementor-widget elementor-widget-image\" data-id=\"79113b97\" data-element_type=\"widget\" data-widget_type=\"image.default\">\n\t\t\t\t<div class=\"elementor-widget-container\">\n\t\t\t<style>\/*! elementor - v3.20.0 - 13-03-2024 *\/\n.elementor-widget-image{text-align:center}.elementor-widget-image a{display:inline-block}.elementor-widget-image a img[src$=\".svg\"]{width:48px}.elementor-widget-image img{vertical-align:middle;display:inline-block}<\/style>\t\t\t\t\t\t\t\t\t\t<img fetchpriority=\"high\" decoding=\"async\" width=\"1024\" height=\"683\" src=\"https:\/\/proconstruction.es\/wp-content\/uploads\/2024\/09\/1-6-1024x683.png\" class=\"attachment-large size-large wp-image-1812\" alt=\"\" srcset=\"https:\/\/proconstruction.es\/wp-content\/uploads\/2024\/09\/1-6-1024x683.png 1024w, https:\/\/proconstruction.es\/wp-content\/uploads\/2024\/09\/1-6-300x200.png 300w, https:\/\/proconstruction.es\/wp-content\/uploads\/2024\/09\/1-6-768x512.png 768w, https:\/\/proconstruction.es\/wp-content\/uploads\/2024\/09\/1-6.png 1200w\" sizes=\"(max-width: 1024px) 100vw, 1024px\" \/>\t\t\t\t\t\t\t\t\t\t\t\t\t<\/div>\n\t\t\t\t<\/div>\n\t\t\t\t<div class=\"elementor-element elementor-element-43aca21f elementor-widget elementor-widget-heading\" data-id=\"43aca21f\" data-element_type=\"widget\" data-widget_type=\"heading.default\">\n\t\t\t\t<div class=\"elementor-widget-container\">\n\t\t\t<h2 class=\"elementor-heading-title elementor-size-default\">Nueva Instalaci\u00f3n de Cubiertas y Tejados<\/h2>\t\t<\/div>\n\t\t\t\t<\/div>\n\t\t\t\t<div class=\"elementor-element elementor-element-54f56f99 elementor-widget elementor-widget-text-editor\" data-id=\"54f56f99\" data-element_type=\"widget\" data-widget_type=\"text-editor.default\">\n\t\t\t\t<div class=\"elementor-widget-container\">\n\t\t\t\t\t\t\t<p>Ofrecemos servicios integrales desde la planificaci\u00f3n del proyecto hasta la instalaci\u00f3n final, asegurando que tu nuevo tejado sea fiable y est\u00e9ticamente atractivo.<\/p>\t\t\t\t\t\t<\/div>\n\t\t\t\t<\/div>\n\t\t\t\t<\/div>\n\t\t<div class=\"elementor-element elementor-element-332349d e-con-full e-flex e-con e-child\" data-id=\"332349d\" data-element_type=\"container\">\n\t\t\t\t<div class=\"elementor-element elementor-element-58530673 elementor-widget elementor-widget-image\" data-id=\"58530673\" data-element_type=\"widget\" data-widget_type=\"image.default\">\n\t\t\t\t<div class=\"elementor-widget-container\">\n\t\t\t\t\t\t\t\t\t\t\t\t\t<img decoding=\"async\" width=\"1024\" height=\"683\" src=\"https:\/\/proconstruction.es\/wp-content\/uploads\/2024\/09\/2-6-1024x683.png\" class=\"attachment-large size-large wp-image-1813\" alt=\"\" srcset=\"https:\/\/proconstruction.es\/wp-content\/uploads\/2024\/09\/2-6-1024x683.png 1024w, https:\/\/proconstruction.es\/wp-content\/uploads\/2024\/09\/2-6-300x200.png 300w, https:\/\/proconstruction.es\/wp-content\/uploads\/2024\/09\/2-6-768x512.png 768w, https:\/\/proconstruction.es\/wp-content\/uploads\/2024\/09\/2-6.png 1200w\" sizes=\"(max-width: 1024px) 100vw, 1024px\" \/>\t\t\t\t\t\t\t\t\t\t\t\t\t<\/div>\n\t\t\t\t<\/div>\n\t\t\t\t<div class=\"elementor-element elementor-element-41571454 elementor-widget elementor-widget-heading\" data-id=\"41571454\" data-element_type=\"widget\" data-widget_type=\"heading.default\">\n\t\t\t\t<div class=\"elementor-widget-container\">\n\t\t\t<h2 class=\"elementor-heading-title elementor-size-default\">Renovaci\u00f3n y Reparaci\u00f3n<\/h2>\t\t<\/div>\n\t\t\t\t<\/div>\n\t\t\t\t<div class=\"elementor-element elementor-element-14c5502c elementor-widget elementor-widget-text-editor\" data-id=\"14c5502c\" data-element_type=\"widget\" data-widget_type=\"text-editor.default\">\n\t\t\t\t<div class=\"elementor-widget-container\">\n\t\t\t\t\t\t\t<p>Ayudamos a actualizar o reparar tu tejado existente utilizando tecnolog\u00edas y materiales modernos.<\/p>\t\t\t\t\t\t<\/div>\n\t\t\t\t<\/div>\n\t\t\t\t<\/div>\n\t\t<div class=\"elementor-element elementor-element-b94d126 e-con-full e-flex e-con e-child\" data-id=\"b94d126\" data-element_type=\"container\">\n\t\t\t\t<div class=\"elementor-element elementor-element-31e71af0 elementor-widget elementor-widget-image\" data-id=\"31e71af0\" data-element_type=\"widget\" data-widget_type=\"image.default\">\n\t\t\t\t<div class=\"elementor-widget-container\">\n\t\t\t\t\t\t\t\t\t\t\t\t\t<img decoding=\"async\" width=\"1024\" height=\"683\" src=\"https:\/\/proconstruction.es\/wp-content\/uploads\/2024\/09\/3-6-1024x683.png\" class=\"attachment-large size-large wp-image-1814\" alt=\"\" srcset=\"https:\/\/proconstruction.es\/wp-content\/uploads\/2024\/09\/3-6-1024x683.png 1024w, https:\/\/proconstruction.es\/wp-content\/uploads\/2024\/09\/3-6-300x200.png 300w, https:\/\/proconstruction.es\/wp-content\/uploads\/2024\/09\/3-6-768x512.png 768w, https:\/\/proconstruction.es\/wp-content\/uploads\/2024\/09\/3-6.png 1200w\" sizes=\"(max-width: 1024px) 100vw, 1024px\" \/>\t\t\t\t\t\t\t\t\t\t\t\t\t<\/div>\n\t\t\t\t<\/div>\n\t\t\t\t<div class=\"elementor-element elementor-element-5a7f84ab elementor-widget elementor-widget-heading\" data-id=\"5a7f84ab\" data-element_type=\"widget\" data-widget_type=\"heading.default\">\n\t\t\t\t<div class=\"elementor-widget-container\">\n\t\t\t<h2 class=\"elementor-heading-title elementor-size-default\">Aislamiento T\u00e9rmico<\/h2>\t\t<\/div>\n\t\t\t\t<\/div>\n\t\t\t\t<div class=\"elementor-element elementor-element-48a5d533 elementor-widget elementor-widget-text-editor\" data-id=\"48a5d533\" data-element_type=\"widget\" data-widget_type=\"text-editor.default\">\n\t\t\t\t<div class=\"elementor-widget-container\">\n\t\t\t\t\t\t\t<p>Proporcionamos a tus cubiertas y tejados un excelente aislamiento t\u00e9rmico, ayudando a reducir los costos de calefacci\u00f3n o de Aire Acondicionado y a mejorar la eficiencia energ\u00e9tica de tu propiedad.<\/p>\t\t\t\t\t\t<\/div>\n\t\t\t\t<\/div>\n\t\t\t\t<\/div>\n\t\t<div class=\"elementor-element elementor-element-458b4726 e-con-full e-flex e-con e-child\" data-id=\"458b4726\" data-element_type=\"container\">\n\t\t\t\t<div class=\"elementor-element elementor-element-26a523e4 elementor-widget elementor-widget-image\" data-id=\"26a523e4\" data-element_type=\"widget\" data-widget_type=\"image.default\">\n\t\t\t\t<div class=\"elementor-widget-container\">\n\t\t\t\t\t\t\t\t\t\t\t\t\t<img loading=\"lazy\" decoding=\"async\" width=\"1024\" height=\"683\" src=\"https:\/\/proconstruction.es\/wp-content\/uploads\/2024\/09\/4-6-1024x683.png\" class=\"attachment-large size-large wp-image-1815\" alt=\"\" srcset=\"https:\/\/proconstruction.es\/wp-content\/uploads\/2024\/09\/4-6-1024x683.png 1024w, https:\/\/proconstruction.es\/wp-content\/uploads\/2024\/09\/4-6-300x200.png 300w, https:\/\/proconstruction.es\/wp-content\/uploads\/2024\/09\/4-6-768x512.png 768w, https:\/\/proconstruction.es\/wp-content\/uploads\/2024\/09\/4-6.png 1200w\" sizes=\"(max-width: 1024px) 100vw, 1024px\" \/>\t\t\t\t\t\t\t\t\t\t\t\t\t<\/div>\n\t\t\t\t<\/div>\n\t\t\t\t<div class=\"elementor-element elementor-element-630f787a elementor-widget elementor-widget-heading\" data-id=\"630f787a\" data-element_type=\"widget\" data-widget_type=\"heading.default\">\n\t\t\t\t<div class=\"elementor-widget-container\">\n\t\t\t<h2 class=\"elementor-heading-title elementor-size-default\">Reemplazo de la Cubierta del Tejado<\/h2>\t\t<\/div>\n\t\t\t\t<\/div>\n\t\t\t\t<div class=\"elementor-element elementor-element-1d978a35 elementor-widget elementor-widget-text-editor\" data-id=\"1d978a35\" data-element_type=\"widget\" data-widget_type=\"text-editor.default\">\n\t\t\t\t<div class=\"elementor-widget-container\">\n\t\t\t\t\t\t\t<p>Reemplazamos la cubierta de tu tejado, asegurando que la nueva cubierta sea resistente a diversas condiciones clim\u00e1ticas y dure muchos a\u00f1os.<\/p>\t\t\t\t\t\t<\/div>\n\t\t\t\t<\/div>\n\t\t\t\t<\/div>\n\t\t<div class=\"elementor-element elementor-element-78dc0681 e-con-full e-flex e-con e-child\" data-id=\"78dc0681\" data-element_type=\"container\">\n\t\t\t\t<div class=\"elementor-element elementor-element-60b907ee elementor-widget elementor-widget-image\" data-id=\"60b907ee\" data-element_type=\"widget\" data-widget_type=\"image.default\">\n\t\t\t\t<div class=\"elementor-widget-container\">\n\t\t\t\t\t\t\t\t\t\t\t\t\t<img loading=\"lazy\" decoding=\"async\" width=\"1024\" height=\"683\" src=\"https:\/\/proconstruction.es\/wp-content\/uploads\/2024\/09\/5-4-1024x683.png\" class=\"attachment-large size-large wp-image-1816\" alt=\"\" srcset=\"https:\/\/proconstruction.es\/wp-content\/uploads\/2024\/09\/5-4-1024x683.png 1024w, https:\/\/proconstruction.es\/wp-content\/uploads\/2024\/09\/5-4-300x200.png 300w, https:\/\/proconstruction.es\/wp-content\/uploads\/2024\/09\/5-4-768x512.png 768w, https:\/\/proconstruction.es\/wp-content\/uploads\/2024\/09\/5-4.png 1200w\" sizes=\"(max-width: 1024px) 100vw, 1024px\" \/>\t\t\t\t\t\t\t\t\t\t\t\t\t<\/div>\n\t\t\t\t<\/div>\n\t\t\t\t<div class=\"elementor-element elementor-element-3695202d elementor-widget elementor-widget-heading\" data-id=\"3695202d\" data-element_type=\"widget\" data-widget_type=\"heading.default\">\n\t\t\t\t<div class=\"elementor-widget-container\">\n\t\t\t<h2 class=\"elementor-heading-title elementor-size-default\">Mantenimiento y Servicio de Tejados<\/h2>\t\t<\/div>\n\t\t\t\t<\/div>\n\t\t\t\t<div class=\"elementor-element elementor-element-371c9b4a elementor-widget elementor-widget-text-editor\" data-id=\"371c9b4a\" data-element_type=\"widget\" data-widget_type=\"text-editor.default\">\n\t\t\t\t<div class=\"elementor-widget-container\">\n\t\t\t\t\t\t\t<p>El mantenimiento regular del tejado ayuda a prevenir problemas mayores en el futuro y asegura su longevidad.<\/p>\t\t\t\t\t\t<\/div>\n\t\t\t\t<\/div>\n\t\t\t\t<\/div>\n\t\t\t\t\t<\/div>\n\t\t\t\t<\/div>\n\t\t<div class=\"elementor-element elementor-element-e389ab1 e-flex e-con-boxed e-con e-parent\" data-id=\"e389ab1\" data-element_type=\"container\" data-core-v316-plus=\"true\">\n\t\t\t\t\t<div class=\"e-con-inner\">\n\t\t<div class=\"elementor-element elementor-element-690fd15 e-con-full e-flex e-con e-child\" data-id=\"690fd15\" data-element_type=\"container\">\n\t\t\t\t<div class=\"elementor-element elementor-element-61efc5d elementor-widget elementor-widget-icon-box\" data-id=\"61efc5d\" data-element_type=\"widget\" data-widget_type=\"icon-box.default\">\n\t\t\t\t<div class=\"elementor-widget-container\">\n\t\t\t<link rel=\"stylesheet\" href=\"https:\/\/proconstruction.es\/wp-content\/plugins\/elementor\/assets\/css\/widget-icon-box.min.css\">\t\t<div class=\"elementor-icon-box-wrapper\">\n\t\t\t\t\t\t<div class=\"elementor-icon-box-content\">\n\t\t\t\t<h3 class=\"elementor-icon-box-title\">\n\t\t\t\t\t<span  >\n\t\t\t\t\t\tContacte a Nuestros Expertos en Cubiertas y Tejados:\t\t\t\t\t<\/span>\n\t\t\t\t<\/h3>\n\t\t\t\t\t\t\t\t\t<p class=\"elementor-icon-box-description\">\n\t\t\t\t\t\t\u00bfListo para comenzar tu pr\u00f3ximo proyecto con nosotros? \u00a1Haz clic aqu\u00ed para programar una consulta gratuita hoy mismo!\t\t\t\t\t<\/p>\n\t\t\t\t\t\t\t<\/div>\n\t\t<\/div>\n\t\t\t\t<\/div>\n\t\t\t\t<\/div>\n\t\t\t\t<div class=\"elementor-element elementor-element-8922330 elementor-widget-divider--view-line elementor-widget elementor-widget-divider\" data-id=\"8922330\" data-element_type=\"widget\" data-widget_type=\"divider.default\">\n\t\t\t\t<div class=\"elementor-widget-container\">\n\t\t\t<style>\/*! elementor - v3.20.0 - 13-03-2024 *\/\n.elementor-widget-divider{--divider-border-style:none;--divider-border-width:1px;--divider-color:#0c0d0e;--divider-icon-size:20px;--divider-element-spacing:10px;--divider-pattern-height:24px;--divider-pattern-size:20px;--divider-pattern-url:none;--divider-pattern-repeat:repeat-x}.elementor-widget-divider .elementor-divider{display:flex}.elementor-widget-divider .elementor-divider__text{font-size:15px;line-height:1;max-width:95%}.elementor-widget-divider .elementor-divider__element{margin:0 var(--divider-element-spacing);flex-shrink:0}.elementor-widget-divider .elementor-icon{font-size:var(--divider-icon-size)}.elementor-widget-divider .elementor-divider-separator{display:flex;margin:0;direction:ltr}.elementor-widget-divider--view-line_icon .elementor-divider-separator,.elementor-widget-divider--view-line_text .elementor-divider-separator{align-items:center}.elementor-widget-divider--view-line_icon .elementor-divider-separator:after,.elementor-widget-divider--view-line_icon .elementor-divider-separator:before,.elementor-widget-divider--view-line_text .elementor-divider-separator:after,.elementor-widget-divider--view-line_text .elementor-divider-separator:before{display:block;content:\"\";border-block-end:0;flex-grow:1;border-block-start:var(--divider-border-width) var(--divider-border-style) var(--divider-color)}.elementor-widget-divider--element-align-left .elementor-divider .elementor-divider-separator>.elementor-divider__svg:first-of-type{flex-grow:0;flex-shrink:100}.elementor-widget-divider--element-align-left .elementor-divider-separator:before{content:none}.elementor-widget-divider--element-align-left .elementor-divider__element{margin-left:0}.elementor-widget-divider--element-align-right .elementor-divider .elementor-divider-separator>.elementor-divider__svg:last-of-type{flex-grow:0;flex-shrink:100}.elementor-widget-divider--element-align-right .elementor-divider-separator:after{content:none}.elementor-widget-divider--element-align-right .elementor-divider__element{margin-right:0}.elementor-widget-divider--element-align-start .elementor-divider .elementor-divider-separator>.elementor-divider__svg:first-of-type{flex-grow:0;flex-shrink:100}.elementor-widget-divider--element-align-start .elementor-divider-separator:before{content:none}.elementor-widget-divider--element-align-start .elementor-divider__element{margin-inline-start:0}.elementor-widget-divider--element-align-end .elementor-divider .elementor-divider-separator>.elementor-divider__svg:last-of-type{flex-grow:0;flex-shrink:100}.elementor-widget-divider--element-align-end .elementor-divider-separator:after{content:none}.elementor-widget-divider--element-align-end .elementor-divider__element{margin-inline-end:0}.elementor-widget-divider:not(.elementor-widget-divider--view-line_text):not(.elementor-widget-divider--view-line_icon) .elementor-divider-separator{border-block-start:var(--divider-border-width) var(--divider-border-style) var(--divider-color)}.elementor-widget-divider--separator-type-pattern{--divider-border-style:none}.elementor-widget-divider--separator-type-pattern.elementor-widget-divider--view-line .elementor-divider-separator,.elementor-widget-divider--separator-type-pattern:not(.elementor-widget-divider--view-line) .elementor-divider-separator:after,.elementor-widget-divider--separator-type-pattern:not(.elementor-widget-divider--view-line) .elementor-divider-separator:before,.elementor-widget-divider--separator-type-pattern:not([class*=elementor-widget-divider--view]) .elementor-divider-separator{width:100%;min-height:var(--divider-pattern-height);-webkit-mask-size:var(--divider-pattern-size) 100%;mask-size:var(--divider-pattern-size) 100%;-webkit-mask-repeat:var(--divider-pattern-repeat);mask-repeat:var(--divider-pattern-repeat);background-color:var(--divider-color);-webkit-mask-image:var(--divider-pattern-url);mask-image:var(--divider-pattern-url)}.elementor-widget-divider--no-spacing{--divider-pattern-size:auto}.elementor-widget-divider--bg-round{--divider-pattern-repeat:round}.rtl .elementor-widget-divider .elementor-divider__text{direction:rtl}.e-con-inner>.elementor-widget-divider,.e-con>.elementor-widget-divider{width:var(--container-widget-width,100%);--flex-grow:var(--container-widget-flex-grow)}<\/style>\t\t<div class=\"elementor-divider\">\n\t\t\t<span class=\"elementor-divider-separator\">\n\t\t\t\t\t\t<\/span>\n\t\t<\/div>\n\t\t\t\t<\/div>\n\t\t\t\t<\/div>\n\t\t\t\t<div class=\"elementor-element elementor-element-3a70f9a elementor-widget elementor-widget-text-editor\" data-id=\"3a70f9a\" data-element_type=\"widget\" data-widget_type=\"text-editor.default\">\n\t\t\t\t<div class=\"elementor-widget-container\">\n\t\t\t\t\t\t\t<div class=\"elementor-element elementor-element-674c3e3 elementor-widget elementor-widget-text-editor\" data-id=\"674c3e3\" data-element_type=\"widget\" data-widget_type=\"text-editor.default\"><div class=\"elementor-widget-container\"><p class=\"p1\">Vamos hasta donde nos neccesites dentro de la Comunidad Aut\u00f3noma de Andaluc\u00eda, Espa\u00f1a. Com\u00fanmente en: Provincia de M\u00e1laga: M\u00e1laga capital y la Costa del Sol (Mijas, Fuengirola, Marbella, Estepona y alrededores)<\/p><\/div><\/div>\t\t\t\t\t\t<\/div>\n\t\t\t\t<\/div>\n\t\t\t\t<div class=\"elementor-element elementor-element-e42354a elementor-widget elementor-widget-text-editor\" data-id=\"e42354a\" data-element_type=\"widget\" data-widget_type=\"text-editor.default\">\n\t\t\t\t<div class=\"elementor-widget-container\">\n\t\t\t\t\t\t\tTel\u00e9fono: <a href=\"tel:+34627916269\">+34 627 91 62 69<\/a> \t\t\t\t\t\t<\/div>\n\t\t\t\t<\/div>\n\t\t\t\t<div class=\"elementor-element elementor-element-baa792c elementor-widget elementor-widget-text-editor\" data-id=\"baa792c\" data-element_type=\"widget\" data-widget_type=\"text-editor.default\">\n\t\t\t\t<div class=\"elementor-widget-container\">\n\t\t\t\t\t\t\t<p>Correo electr\u00f3nico: <a href=\"mailto:info@proconstruction.es\">info@proconstruction.es<\/a><\/p>\t\t\t\t\t\t<\/div>\n\t\t\t\t<\/div>\n\t\t\t\t<\/div>\n\t\t<div class=\"elementor-element elementor-element-3390ced e-con-full e-flex e-con e-child\" data-id=\"3390ced\" data-element_type=\"container\" data-settings=\"{&quot;background_background&quot;:&quot;classic&quot;}\">\n\t\t\t\t<div class=\"elementor-element elementor-element-3261177 elementor-widget elementor-widget-heading\" data-id=\"3261177\" data-element_type=\"widget\" data-widget_type=\"heading.default\">\n\t\t\t\t<div class=\"elementor-widget-container\">\n\t\t\t<h6 class=\"elementor-heading-title elementor-size-default\">Consulta gratuita<\/h6>\t\t<\/div>\n\t\t\t\t<\/div>\n\t\t\t\t<div class=\"elementor-element elementor-element-d50905a elementor-widget elementor-widget-heading\" data-id=\"d50905a\" data-element_type=\"widget\" data-widget_type=\"heading.default\">\n\t\t\t\t<div class=\"elementor-widget-container\">\n\t\t\t<h3 class=\"elementor-heading-title elementor-size-default\">Obtenga una cotizaci\u00f3n gratis<\/h3>\t\t<\/div>\n\t\t\t\t<\/div>\n\t\t\t\t<div class=\"elementor-element elementor-element-568b056 elementor-widget elementor-widget-wpforms\" data-id=\"568b056\" data-element_type=\"widget\" data-widget_type=\"wpforms.default\">\n\t\t\t\t<div class=\"elementor-widget-container\">\n\t\t\t<div class=\"wpforms-container \" id=\"wpforms-2172\"><form id=\"wpforms-form-2172\" class=\"wpforms-validate wpforms-form\" data-formid=\"2172\" method=\"post\" enctype=\"multipart\/form-data\" action=\"\/es\/wp-json\/wp\/v2\/pages\/2054\" data-token=\"008bb0d6047f88ed8fca4ca4aca55ff4\"><noscript class=\"wpforms-error-noscript\">Please enable JavaScript in your browser to complete this form.<\/noscript><div class=\"wpforms-field-container\"><div id=\"wpforms-2172-field_0-container\" class=\"wpforms-field wpforms-field-name\" data-field-id=\"0\"><label class=\"wpforms-field-label wpforms-label-hide\" for=\"wpforms-2172-field_0\">Nombre completo <span class=\"wpforms-required-label\">*<\/span><\/label><input type=\"text\" id=\"wpforms-2172-field_0\" class=\"wpforms-field-large wpforms-field-required\" name=\"wpforms[fields][0]\" placeholder=\"Nombre completo\" required><\/div><div id=\"wpforms-2172-field_8-container\" class=\"wpforms-field wpforms-field-text\" data-field-id=\"8\"><label class=\"wpforms-field-label wpforms-label-hide\" for=\"wpforms-2172-field_8\">Tel\u00e9fono de contacto<\/label><input type=\"text\" id=\"wpforms-2172-field_8\" class=\"wpforms-field-large\" name=\"wpforms[fields][8]\" placeholder=\"Tel\u00e9fono de contacto\" ><\/div><div id=\"wpforms-2172-field_7-container\" class=\"wpforms-field wpforms-field-email\" data-field-id=\"7\"><label class=\"wpforms-field-label wpforms-label-hide\" for=\"wpforms-2172-field_7\">Tu email <span class=\"wpforms-required-label\">*<\/span><\/label><input type=\"email\" id=\"wpforms-2172-field_7\" class=\"wpforms-field-large wpforms-field-required\" name=\"wpforms[fields][7]\" placeholder=\"Tu email\" spellcheck=\"false\" required><\/div><div id=\"wpforms-2172-field_5-container\" class=\"wpforms-field wpforms-field-text\" data-field-id=\"5\"><label class=\"wpforms-field-label wpforms-label-hide\" for=\"wpforms-2172-field_5\">Tipo de servicio<\/label><input type=\"text\" id=\"wpforms-2172-field_5\" class=\"wpforms-field-large\" name=\"wpforms[fields][5]\" placeholder=\"Tipo de servicio\" ><\/div><div id=\"wpforms-2172-field_2-container\" class=\"wpforms-field wpforms-field-textarea\" data-field-id=\"2\"><label class=\"wpforms-field-label wpforms-label-hide\" for=\"wpforms-2172-field_2\">Mensaje <span class=\"wpforms-required-label\">*<\/span><\/label><textarea id=\"wpforms-2172-field_2\" class=\"wpforms-field-medium wpforms-field-required\" name=\"wpforms[fields][2]\" placeholder=\"Mensaje\" required><\/textarea><\/div><\/div><!-- .wpforms-field-container --><div class=\"wpforms-submit-container\" ><input type=\"hidden\" name=\"wpforms[id]\" value=\"2172\"><input type=\"hidden\" name=\"wpforms[author]\" value=\"1\"><button type=\"submit\" name=\"wpforms[submit]\" id=\"wpforms-submit-2172\" class=\"wpforms-submit\" data-alt-text=\"Env\u00edo...\" data-submit-text=\"Enviar\" aria-live=\"assertive\" value=\"wpforms-submit\">Enviar<\/button><\/div><\/form><\/div>  <!-- .wpforms-container -->\t\t<\/div>\n\t\t\t\t<\/div>\n\t\t\t\t<\/div>\n\t\t\t\t\t<\/div>\n\t\t\t\t<\/div>\n\t\t\t\t<\/div>\n\t\t","protected":false},"excerpt":{"rendered":"<p>INSTALACI\u00d3N DE CUBIERTAS Y TEJADOS PARA CLIMAS DIVERSOS EN COSTA DEL SOL, ESPA\u00d1A Instalar tejados en la Costa del Sol tiene su truco, y siempre hay que tener en cuenta dos principales factores: las variadas tendencias arquitect\u00f3nicas y las consideraciones ambientales. Invertir en una cubierta de alta calidad no solo se trata de proteger la [&hellip;]<\/p>\n","protected":false},"author":1,"featured_media":0,"parent":0,"menu_order":0,"comment_status":"closed","ping_status":"closed","template":"","meta":{"site-sidebar-layout":"no-sidebar","site-content-layout":"page-builder","ast-site-content-layout":"full-width-container","site-content-style":"default","site-sidebar-style":"default","ast-global-header-display":"","ast-banner-title-visibility":"","ast-main-header-display":"","ast-hfb-above-header-display":"","ast-hfb-below-header-display":"","ast-hfb-mobile-header-display":"","site-post-title":"disabled","ast-breadcrumbs-content":"","ast-featured-img":"disabled","footer-sml-layout":"","theme-transparent-header-meta":"","adv-header-id-meta":"","stick-header-meta":"","header-above-stick-meta":"","header-main-stick-meta":"","header-below-stick-meta":"","astra-migrate-meta-layouts":"set","ast-page-background-enabled":"default","ast-page-background-meta":{"desktop":{"background-color":"","background-image":"","background-repeat":"repeat","background-position":"center center","background-size":"auto","background-attachment":"scroll","background-type":"","background-media":"","overlay-type":"","overlay-color":"","overlay-gradient":""},"tablet":{"background-color":"","background-image":"","background-repeat":"repeat","background-position":"center center","background-size":"auto","background-attachment":"scroll","background-type":"","background-media":"","overlay-type":"","overlay-color":"","overlay-gradient":""},"mobile":{"background-color":"","background-image":"","background-repeat":"repeat","background-position":"center center","background-size":"auto","background-attachment":"scroll","background-type":"","background-media":"","overlay-type":"","overlay-color":"","overlay-gradient":""}},"ast-content-background-meta":{"desktop":{"background-color":"var(--ast-global-color-5)","background-image":"","background-repeat":"repeat","background-position":"center center","background-size":"auto","background-attachment":"scroll","background-type":"","background-media":"","overlay-type":"","overlay-color":"","overlay-gradient":""},"tablet":{"background-color":"var(--ast-global-color-5)","background-image":"","background-repeat":"repeat","background-position":"center center","background-size":"auto","background-attachment":"scroll","background-type":"","background-media":"","overlay-type":"","overlay-color":"","overlay-gradient":""},"mobile":{"background-color":"var(--ast-global-color-5)","background-image":"","background-repeat":"repeat","background-position":"center center","background-size":"auto","background-attachment":"scroll","background-type":"","background-media":"","overlay-type":"","overlay-color":"","overlay-gradient":""}},"footnotes":""},"aioseo_notices":[],"_links":{"self":[{"href":"https:\/\/proconstruction.es\/es\/wp-json\/wp\/v2\/pages\/2054"}],"collection":[{"href":"https:\/\/proconstruction.es\/es\/wp-json\/wp\/v2\/pages"}],"about":[{"href":"https:\/\/proconstruction.es\/es\/wp-json\/wp\/v2\/types\/page"}],"author":[{"embeddable":true,"href":"https:\/\/proconstruction.es\/es\/wp-json\/wp\/v2\/users\/1"}],"replies":[{"embeddable":true,"href":"https:\/\/proconstruction.es\/es\/wp-json\/wp\/v2\/comments?post=2054"}],"version-history":[{"count":13,"href":"https:\/\/proconstruction.es\/es\/wp-json\/wp\/v2\/pages\/2054\/revisions"}],"predecessor-version":[{"id":2257,"href":"https:\/\/proconstruction.es\/es\/wp-json\/wp\/v2\/pages\/2054\/revisions\/2257"}],"wp:attachment":[{"href":"https:\/\/proconstruction.es\/es\/wp-json\/wp\/v2\/media?parent=2054"}],"curies":[{"name":"wp","href":"https:\/\/api.w.org\/{rel}","templated":true}]}}